{"id":7373,"date":"2023-07-20T14:22:40","date_gmt":"2023-07-20T12:22:40","guid":{"rendered":"https:\/\/forster-unternehmensgruppe.de\/imprint\/"},"modified":"2024-11-04T10:21:24","modified_gmt":"2024-11-04T09:21:24","slug":"imprint","status":"publish","type":"page","link":"https:\/\/forster-unternehmensgruppe.de\/cs\/imprint\/","title":{"rendered":"IMPRINT"},"content":{"rendered":"\t\t<div data-elementor-type=\"wp-page\" data-elementor-id=\"7373\" class=\"elementor elementor-7373 elementor-4599\" data-elementor-post-type=\"page\">\n\t\t\t\t\t\t<section class=\"elementor-section elementor-top-section elementor-element elementor-element-9c861d2 elementor-section-boxed elementor-section-height-default elementor-section-height-default\" data-id=\"9c861d2\" data-element_type=\"section\" data-e-type=\"section\">\n\t\t\t\t\t\t<div class=\"elementor-container elementor-column-gap-no\">\n\t\t\t\t\t<div class=\"elementor-column elementor-col-100 elementor-top-column elementor-element elementor-element-1567d3c\" data-id=\"1567d3c\" data-element_type=\"column\" data-e-type=\"column\">\n\t\t\t<div class=\"elementor-widget-wrap elementor-element-populated\">\n\t\t\t\t\t\t<div class=\"elementor-element elementor-element-525aa69 elementor-widget elementor-widget-spacer\" data-id=\"525aa69\" data-element_type=\"widget\" data-e-type=\"widget\" data-widget_type=\"spacer.default\">\n\t\t\t\t<div class=\"elementor-widget-container\">\n\t\t\t\t\t\t\t<div class=\"elementor-spacer\">\n\t\t\t<div class=\"elementor-spacer-inner\"><\/div>\n\t\t<\/div>\n\t\t\t\t\t\t<\/div>\n\t\t\t\t<\/div>\n\t\t\t\t<div class=\"elementor-element elementor-element-03e0bfd elementor-widget elementor-widget-heading\" data-id=\"03e0bfd\" data-element_type=\"widget\" data-e-type=\"widget\" data-widget_type=\"heading.default\">\n\t\t\t\t<div class=\"elementor-widget-container\">\n\t\t\t\t\t<h1 class=\"elementor-heading-title elementor-size-default\">Otisk<\/h1>\t\t\t\t<\/div>\n\t\t\t\t<\/div>\n\t\t\t\t<div class=\"elementor-element elementor-element-8763760 elementor-widget elementor-widget-spacer\" data-id=\"8763760\" data-element_type=\"widget\" data-e-type=\"widget\" data-widget_type=\"spacer.default\">\n\t\t\t\t<div class=\"elementor-widget-container\">\n\t\t\t\t\t\t\t<div class=\"elementor-spacer\">\n\t\t\t<div class=\"elementor-spacer-inner\"><\/div>\n\t\t<\/div>\n\t\t\t\t\t\t<\/div>\n\t\t\t\t<\/div>\n\t\t\t\t\t<\/div>\n\t\t<\/div>\n\t\t\t\t\t<\/div>\n\t\t<\/section>\n\t\t\t\t<section class=\"elementor-section elementor-top-section elementor-element elementor-element-588b889 elementor-section-boxed elementor-section-height-default elementor-section-height-default\" data-id=\"588b889\" data-element_type=\"section\" data-e-type=\"section\">\n\t\t\t\t\t\t<div class=\"elementor-container elementor-column-gap-no\">\n\t\t\t\t\t<div class=\"elementor-column elementor-col-100 elementor-top-column elementor-element elementor-element-3fd186e\" data-id=\"3fd186e\" data-element_type=\"column\" data-e-type=\"column\">\n\t\t\t<div class=\"elementor-widget-wrap elementor-element-populated\">\n\t\t\t\t\t\t<div class=\"elementor-element elementor-element-25fe51c elementor-widget elementor-widget-text-editor\" data-id=\"25fe51c\" data-element_type=\"widget\" data-e-type=\"widget\" data-widget_type=\"text-editor.default\">\n\t\t\t\t<div class=\"elementor-widget-container\">\n\t\t\t\t\t\t\t\t\t<p>Forster Stahl- und Anlagenbau GmbH Am Forst 6 92637 Weiden<\/p>\n<p>Telefon: 0961 &#8211; 381 787 &#8211; 0 Fax: 0961 &#8211; 381 787 &#8211; 24<b>E-mail:<\/b> <a>aforster(at)forster-gmbh.de<\/a><b>Internet:<\/b> w <a href=\"http:\/\/www.forster-unternehmensgruppe.de\/\">ww.forster-unternehmensgruppe.de<\/a><b>Pov\u011b\u0159en\u00fd jednatel<\/b>: pan Anton Forster<\/p>\n<p>R<b>egistra\u010dn\u00ed soud:<\/b> Weiden<b>Registra\u010dn\u00ed \u010d\u00edslo:<\/b> HRB2686<\/p>\n<p>I<b>dentifika\u010dn\u00ed \u010d\u00edslo pro da\u0148 z prodeje podle \u00a7 27a UStG:<\/b> DE 230514725<\/p>\n<p><b>Odpov\u00edd\u00e1 za obsah podle \u00a7 10Abs. 3MDStV: <\/b><br \/>Pan Anton Forster<\/p>\n<p><b>Odm\u00edtnut\u00ed odpov\u011bdnosti<\/b>: I p\u0159es pe\u010dlivou kontrolu obsahu nep\u0159eb\u00edr\u00e1me \u017e\u00e1dnou odpov\u011bdnost za obsah extern\u00edch odkaz\u016f. Za obsah odkazovan\u00fdch str\u00e1nek odpov\u00eddaj\u00ed v\u00fdhradn\u011b jejich provozovatel\u00e9. <\/p>\n<p>P<b>latforma pro online \u0159e\u0161en\u00ed spor\u016f<\/b> Evropsk\u00e1 komise poskytuje platformu pro online \u0159e\u0161en\u00ed spor\u016f (ODR), kterou najdete na <a href=\"http:\/\/ec.europa.eu\/consumers\/odr\/\" target=\"_blank\" rel=\"noopener\">adrese http:\/\/ec.europa.eu\/consumers\/odr\/<\/a>. Nejsme povinni ani ochotni \u00fa\u010dastnit se \u0159\u00edzen\u00ed o \u0159e\u0161en\u00ed spor\u016f p\u0159ed rozhod\u010d\u00ed komis\u00ed pro spot\u0159ebitele.<\/p>\n<h1>Koncepce, n\u00e1vrh a realizace<\/h1>\n<p>C<a href=\"http:\/\/www.cp-2.com\/\" target=\"_blank\" rel=\"noopener\">P\u00b2 Werbeagentur GmbH<\/a> Haidm\u00fchlweg 5 D-92665 Altenstadt<\/p>\n<p>Telefon: 09602 \/ 944 53 200 Fax: 09602 \/ 944 53 266<\/p>\n<p>E-mail: <a>info(at)cp-2.com<\/a> Internet:<a href=\"http:\/\/www.cp-2.com\/\" target=\"_blank\" rel=\"noopener\">www.cp-2.com<\/a><\/p>\n\t\t\t\t\t\t\t\t<\/div>\n\t\t\t\t<\/div>\n\t\t\t\t\t<\/div>\n\t\t<\/div>\n\t\t\t\t\t<\/div>\n\t\t<\/section>\n\t\t\t\t<\/div>\n\t\t","protected":false},"excerpt":{"rendered":"<p>Otisk Forster Stahl- und Anlagenbau GmbH Am Forst 6 92637 Weiden Telefon: 0961 &#8211; 381 787 &#8211; 0 Fax: 0961 &#8211; 381 787 &#8211; 24E-mail: aforster(at)forster-gmbh.deInternet: w ww.forster-unternehmensgruppe.dePov\u011b\u0159en\u00fd jednatel: pan Anton Forster Registra\u010dn\u00ed soud: WeidenRegistra\u010dn\u00ed \u010d\u00edslo: HRB2686 Identifika\u010dn\u00ed \u010d\u00edslo pro da\u0148 z prodeje podle \u00a7 27a UStG: DE 230514725 Odpov\u00edd\u00e1 za obsah podle \u00a7 10Abs. [&hellip;]<\/p>\n","protected":false},"author":5,"featured_media":0,"parent":0,"menu_order":20,"comment_status":"closed","ping_status":"closed","template":"","meta":{"_acf_changed":false,"footnotes":""},"class_list":["post-7373","page","type-page","status-publish","hentry"],"acf":[],"yoast_head":"<!-- This site is optimized with the Yoast SEO plugin v27.5 - https:\/\/yoast.com\/product\/yoast-seo-wordpress\/ -->\n<title>Forster Unternehmensgruppe - IMPRINT<\/title>\n<meta name=\"description\" content=\"Forster Unternehmensgruppe - IMPRINT\" \/>\n<meta name=\"robots\" content=\"noindex, follow\" \/>\n<meta property=\"og:locale\" content=\"cs_CZ\" \/>\n<meta property=\"og:type\" content=\"article\" \/>\n<meta property=\"og:title\" content=\"Forster Unternehmensgruppe - IMPRINT\" \/>\n<meta property=\"og:description\" content=\"Forster Unternehmensgruppe - IMPRINT\" \/>\n<meta property=\"og:url\" content=\"https:\/\/forster-unternehmensgruppe.de\/cs\/imprint\/\" \/>\n<meta property=\"og:site_name\" content=\"Forster Unternehmensgruppe\" \/>\n<meta property=\"article:publisher\" content=\"https:\/\/www.facebook.com\/forsterhallenbau\" \/>\n<meta property=\"article:modified_time\" content=\"2024-11-04T09:21:24+00:00\" \/>\n<meta property=\"og:image\" content=\"https:\/\/forster-unternehmensgruppe.de\/wp-content\/uploads\/2023\/10\/Forster_Logo_UG-2.webp\" \/>\n\t<meta property=\"og:image:width\" content=\"260\" \/>\n\t<meta property=\"og:image:height\" content=\"121\" \/>\n\t<meta property=\"og:image:type\" content=\"image\/webp\" \/>\n<meta name=\"twitter:card\" content=\"summary_large_image\" \/>\n<meta name=\"twitter:label1\" content=\"Odhadovan\u00e1 doba \u010dten\u00ed\" \/>\n\t<meta name=\"twitter:data1\" content=\"1 minuta\" \/>\n<script type=\"application\/ld+json\" class=\"yoast-schema-graph\">{\"@context\":\"https:\\\/\\\/schema.org\",\"@graph\":[{\"@type\":\"WebPage\",\"@id\":\"https:\\\/\\\/forster-unternehmensgruppe.de\\\/cs\\\/imprint\\\/\",\"url\":\"https:\\\/\\\/forster-unternehmensgruppe.de\\\/cs\\\/imprint\\\/\",\"name\":\"Forster Unternehmensgruppe - IMPRINT\",\"isPartOf\":{\"@id\":\"https:\\\/\\\/forster-unternehmensgruppe.de\\\/cs\\\/#website\"},\"datePublished\":\"2023-07-20T12:22:40+00:00\",\"dateModified\":\"2024-11-04T09:21:24+00:00\",\"description\":\"Forster Unternehmensgruppe - IMPRINT\",\"breadcrumb\":{\"@id\":\"https:\\\/\\\/forster-unternehmensgruppe.de\\\/cs\\\/imprint\\\/#breadcrumb\"},\"inLanguage\":\"cs\",\"potentialAction\":[{\"@type\":\"ReadAction\",\"target\":[\"https:\\\/\\\/forster-unternehmensgruppe.de\\\/cs\\\/imprint\\\/\"]}]},{\"@type\":\"BreadcrumbList\",\"@id\":\"https:\\\/\\\/forster-unternehmensgruppe.de\\\/cs\\\/imprint\\\/#breadcrumb\",\"itemListElement\":[{\"@type\":\"ListItem\",\"position\":1,\"name\":\"Startseite\",\"item\":\"https:\\\/\\\/forster-unternehmensgruppe.de\\\/cs\\\/\"},{\"@type\":\"ListItem\",\"position\":2,\"name\":\"IMPRINT\"}]},{\"@type\":\"WebSite\",\"@id\":\"https:\\\/\\\/forster-unternehmensgruppe.de\\\/cs\\\/#website\",\"url\":\"https:\\\/\\\/forster-unternehmensgruppe.de\\\/cs\\\/\",\"name\":\"Forster Unternehmensgruppe\",\"description\":\"verstehen. denken. bauen\",\"publisher\":{\"@id\":\"https:\\\/\\\/forster-unternehmensgruppe.de\\\/cs\\\/#organization\"},\"potentialAction\":[{\"@type\":\"SearchAction\",\"target\":{\"@type\":\"EntryPoint\",\"urlTemplate\":\"https:\\\/\\\/forster-unternehmensgruppe.de\\\/cs\\\/?s={search_term_string}\"},\"query-input\":{\"@type\":\"PropertyValueSpecification\",\"valueRequired\":true,\"valueName\":\"search_term_string\"}}],\"inLanguage\":\"cs\"},{\"@type\":\"Organization\",\"@id\":\"https:\\\/\\\/forster-unternehmensgruppe.de\\\/cs\\\/#organization\",\"name\":\"Forster Unternehmensgruppe\",\"url\":\"https:\\\/\\\/forster-unternehmensgruppe.de\\\/cs\\\/\",\"logo\":{\"@type\":\"ImageObject\",\"inLanguage\":\"cs\",\"@id\":\"https:\\\/\\\/forster-unternehmensgruppe.de\\\/cs\\\/#\\\/schema\\\/logo\\\/image\\\/\",\"url\":\"https:\\\/\\\/forster-unternehmensgruppe.de\\\/wp-content\\\/uploads\\\/2023\\\/10\\\/Forster_Logo_UG-2.webp\",\"contentUrl\":\"https:\\\/\\\/forster-unternehmensgruppe.de\\\/wp-content\\\/uploads\\\/2023\\\/10\\\/Forster_Logo_UG-2.webp\",\"width\":260,\"height\":121,\"caption\":\"Forster Unternehmensgruppe\"},\"image\":{\"@id\":\"https:\\\/\\\/forster-unternehmensgruppe.de\\\/cs\\\/#\\\/schema\\\/logo\\\/image\\\/\"},\"sameAs\":[\"https:\\\/\\\/www.facebook.com\\\/forsterhallenbau\",\"https:\\\/\\\/www.youtube.com\\\/channel\\\/UCRV6gkhOjNA4PUESdI_lQbQ\",\"https:\\\/\\\/www.instagram.com\\\/forsterunternehmensgruppe\\\/\",\"https:\\\/\\\/de.linkedin.com\\\/company\\\/forster-unternehmensgruppe?trk=public_post_feed-actor-name\"]}]}<\/script>\n<!-- \/ Yoast SEO plugin. -->","yoast_head_json":{"title":"Forster Unternehmensgruppe - IMPRINT","description":"Forster Unternehmensgruppe - IMPRINT","robots":{"index":"noindex","follow":"follow"},"og_locale":"cs_CZ","og_type":"article","og_title":"Forster Unternehmensgruppe - IMPRINT","og_description":"Forster Unternehmensgruppe - IMPRINT","og_url":"https:\/\/forster-unternehmensgruppe.de\/cs\/imprint\/","og_site_name":"Forster Unternehmensgruppe","article_publisher":"https:\/\/www.facebook.com\/forsterhallenbau","article_modified_time":"2024-11-04T09:21:24+00:00","og_image":[{"width":260,"height":121,"url":"https:\/\/forster-unternehmensgruppe.de\/wp-content\/uploads\/2023\/10\/Forster_Logo_UG-2.webp","type":"image\/webp"}],"twitter_card":"summary_large_image","twitter_misc":{"Odhadovan\u00e1 doba \u010dten\u00ed":"1 minuta"},"schema":{"@context":"https:\/\/schema.org","@graph":[{"@type":"WebPage","@id":"https:\/\/forster-unternehmensgruppe.de\/cs\/imprint\/","url":"https:\/\/forster-unternehmensgruppe.de\/cs\/imprint\/","name":"Forster Unternehmensgruppe - IMPRINT","isPartOf":{"@id":"https:\/\/forster-unternehmensgruppe.de\/cs\/#website"},"datePublished":"2023-07-20T12:22:40+00:00","dateModified":"2024-11-04T09:21:24+00:00","description":"Forster Unternehmensgruppe - IMPRINT","breadcrumb":{"@id":"https:\/\/forster-unternehmensgruppe.de\/cs\/imprint\/#breadcrumb"},"inLanguage":"cs","potentialAction":[{"@type":"ReadAction","target":["https:\/\/forster-unternehmensgruppe.de\/cs\/imprint\/"]}]},{"@type":"BreadcrumbList","@id":"https:\/\/forster-unternehmensgruppe.de\/cs\/imprint\/#breadcrumb","itemListElement":[{"@type":"ListItem","position":1,"name":"Startseite","item":"https:\/\/forster-unternehmensgruppe.de\/cs\/"},{"@type":"ListItem","position":2,"name":"IMPRINT"}]},{"@type":"WebSite","@id":"https:\/\/forster-unternehmensgruppe.de\/cs\/#website","url":"https:\/\/forster-unternehmensgruppe.de\/cs\/","name":"Forster Unternehmensgruppe","description":"verstehen. denken. bauen","publisher":{"@id":"https:\/\/forster-unternehmensgruppe.de\/cs\/#organization"},"potentialAction":[{"@type":"SearchAction","target":{"@type":"EntryPoint","urlTemplate":"https:\/\/forster-unternehmensgruppe.de\/cs\/?s={search_term_string}"},"query-input":{"@type":"PropertyValueSpecification","valueRequired":true,"valueName":"search_term_string"}}],"inLanguage":"cs"},{"@type":"Organization","@id":"https:\/\/forster-unternehmensgruppe.de\/cs\/#organization","name":"Forster Unternehmensgruppe","url":"https:\/\/forster-unternehmensgruppe.de\/cs\/","logo":{"@type":"ImageObject","inLanguage":"cs","@id":"https:\/\/forster-unternehmensgruppe.de\/cs\/#\/schema\/logo\/image\/","url":"https:\/\/forster-unternehmensgruppe.de\/wp-content\/uploads\/2023\/10\/Forster_Logo_UG-2.webp","contentUrl":"https:\/\/forster-unternehmensgruppe.de\/wp-content\/uploads\/2023\/10\/Forster_Logo_UG-2.webp","width":260,"height":121,"caption":"Forster Unternehmensgruppe"},"image":{"@id":"https:\/\/forster-unternehmensgruppe.de\/cs\/#\/schema\/logo\/image\/"},"sameAs":["https:\/\/www.facebook.com\/forsterhallenbau","https:\/\/www.youtube.com\/channel\/UCRV6gkhOjNA4PUESdI_lQbQ","https:\/\/www.instagram.com\/forsterunternehmensgruppe\/","https:\/\/de.linkedin.com\/company\/forster-unternehmensgruppe?trk=public_post_feed-actor-name"]}]}},"_links":{"self":[{"href":"https:\/\/forster-unternehmensgruppe.de\/cs\/wp-json\/wp\/v2\/pages\/7373","targetHints":{"allow":["GET"]}}],"collection":[{"href":"https:\/\/forster-unternehmensgruppe.de\/cs\/wp-json\/wp\/v2\/pages"}],"about":[{"href":"https:\/\/forster-unternehmensgruppe.de\/cs\/wp-json\/wp\/v2\/types\/page"}],"author":[{"embeddable":true,"href":"https:\/\/forster-unternehmensgruppe.de\/cs\/wp-json\/wp\/v2\/users\/5"}],"replies":[{"embeddable":true,"href":"https:\/\/forster-unternehmensgruppe.de\/cs\/wp-json\/wp\/v2\/comments?post=7373"}],"version-history":[{"count":0,"href":"https:\/\/forster-unternehmensgruppe.de\/cs\/wp-json\/wp\/v2\/pages\/7373\/revisions"}],"wp:attachment":[{"href":"https:\/\/forster-unternehmensgruppe.de\/cs\/wp-json\/wp\/v2\/media?parent=7373"}],"curies":[{"name":"wp","href":"https:\/\/api.w.org\/{rel}","templated":true}]}}